{"version":"1.0","provider_name":"Asociaci\u00f3n Pro Derechos Humanos de Andaluc\u00eda","provider_url":"https:\/\/www.apdha.org\/cadiz","author_name":"apdha_cadiz","author_url":"https:\/\/www.apdha.org\/cadiz\/author\/apdha_cadiz\/","title":"Una semana de lucha por los derechos humanos. PROGRAMA - Asociaci\u00f3n Pro Derechos Humanos de Andaluc\u00eda","type":"rich","width":600,"height":338,"html":"<blockquote class=\"wp-embedded-content\"><a href=\"https:\/\/www.apdha.org\/cadiz\/una-semana-de-lucha-por-los-derechos-humanos\/\">Una semana de lucha por los derechos humanos. PROGRAMA<\/a><\/blockquote>\n<script type='text\/javascript'>\n<!--\/\/--><![CDATA[\/\/><!--\n\t\t\/*! This file is auto-generated *\/\n\t\t!function(d,l){\"use strict\";var e=!1,n=!1;if(l.querySelector)if(d.addEventListener)e=!0;if(d.wp=d.wp||{},!d.wp.receiveEmbedMessage)if(d.wp.receiveEmbedMessage=function(e){var t=e.data;if(t)if(t.secret||t.message||t.value)if(!\/[^a-zA-Z0-9]\/.test(t.secret)){for(var r,i,a,s=l.querySelectorAll('iframe[data-secret=\"'+t.secret+'\"]'),n=l.querySelectorAll('blockquote[data-secret=\"'+t.secret+'\"]'),o=new RegExp(\"^https?:$\",\"i\"),c=0;c<n.length;c++)n[c].style.display=\"none\";for(c=0;c<s.length;c++)if(r=s[c],e.source===r.contentWindow){if(r.removeAttribute(\"style\"),\"height\"===t.message){if(1e3<(a=parseInt(t.value,10)))a=1e3;else if(~~a<200)a=200;r.height=a}if(\"link\"===t.message)if(i=l.createElement(\"a\"),a=l.createElement(\"a\"),i.href=r.getAttribute(\"src\"),a.href=t.value,o.test(a.protocol))if(a.host===i.host)if(l.activeElement===r)d.top.location.href=t.value}}},e)d.addEventListener(\"message\",d.wp.receiveEmbedMessage,!1),l.addEventListener(\"DOMContentLoaded\",t,!1),d.addEventListener(\"load\",t,!1);function t(){if(!n){n=!0;for(var e,t,r=-1!==navigator.appVersion.indexOf(\"MSIE 10\"),i=!!navigator.userAgent.match(\/Trident.*rv:11\\.\/),a=l.querySelectorAll(\"iframe.wp-embedded-content\"),s=0;s<a.length;s++){if(!(e=a[s]).getAttribute(\"data-secret\"))t=Math.random().toString(36).substr(2,10),e.src+=\"#?secret=\"+t,e.setAttribute(\"data-secret\",t);if(r||i)(t=e.cloneNode(!0)).removeAttribute(\"security\"),e.parentNode.replaceChild(t,e)}}}}(window,document);\n\/\/--><!]]>\n<\/script><iframe sandbox=\"allow-scripts\" security=\"restricted\" src=\"https:\/\/www.apdha.org\/cadiz\/una-semana-de-lucha-por-los-derechos-humanos\/embed\/\" width=\"600\" height=\"338\" title=\"\u00abUna semana de lucha por los derechos humanos. PROGRAMA\u00bb \u2014 Asociaci\u00f3n Pro Derechos Humanos de Andaluc\u00eda\" frameborder=\"0\" marginwidth=\"0\" marginheight=\"0\" scrolling=\"no\" class=\"wp-embedded-content\"><\/iframe>","description":"Una semana de lucha por los derechos humanos. PROGRAMA El pr\u00f3ximo d\u00eda 10 de diciembre, se conmemora el aniversario de la Declaraci\u00f3n Universal de los Derechos Humanos, de la que se cumplen 66 a\u00f1os. Creemos que no es momento de ninguna celebraci\u00f3n, todo lo contrario es momento de reivindicaci\u00f3n, de \u2026 Seguir Leyendo","thumbnail_url":"http:\/\/www.apdha.org\/cadiz\/wp-content\/uploads\/email-nos-quitan-300x200.jpg"}