{"version":"1.0","provider_name":"Asociaci\u00f3n Pro Derechos Humanos de Andaluc\u00eda","provider_url":"https:\/\/www.apdha.org\/sevilla","author_name":"apdha_sevilla","author_url":"https:\/\/www.apdha.org\/sevilla\/author\/apdha_sevilla\/","title":"D\u00eda Internacional de las Personas Refugiadas - Asociaci\u00f3n Pro Derechos Humanos de Andaluc\u00eda","type":"rich","width":600,"height":338,"html":"<blockquote class=\"wp-embedded-content\" data-secret=\"uCIQJwlj7N\"><a href=\"https:\/\/www.apdha.org\/sevilla\/dia-internacional-de-las-personas-refugiadas\/\">D\u00eda Internacional de las Personas Refugiadas<\/a><\/blockquote><iframe sandbox=\"allow-scripts\" security=\"restricted\" src=\"https:\/\/www.apdha.org\/sevilla\/dia-internacional-de-las-personas-refugiadas\/embed\/#?secret=uCIQJwlj7N\" width=\"600\" height=\"338\" title=\"\u00abD\u00eda Internacional de las Personas Refugiadas\u00bb \u2014 Asociaci\u00f3n Pro Derechos Humanos de Andaluc\u00eda\" data-secret=\"uCIQJwlj7N\" frameborder=\"0\" marginwidth=\"0\" marginheight=\"0\" scrolling=\"no\" class=\"wp-embedded-content\"><\/iframe><script type=\"text\/javascript\">\n\/* <![CDATA[ *\/\n\/*! This file is auto-generated *\/\n!function(d,l){\"use strict\";l.querySelector&&d.addEventListener&&\"undefined\"!=typeof URL&&(d.wp=d.wp||{},d.wp.receiveEmbedMessage||(d.wp.receiveEmbedMessage=function(e){var t=e.data;if((t||t.secret||t.message||t.value)&&!\/[^a-zA-Z0-9]\/.test(t.secret)){for(var s,r,n,a=l.querySelectorAll('iframe[data-secret=\"'+t.secret+'\"]'),o=l.querySelectorAll('blockquote[data-secret=\"'+t.secret+'\"]'),c=new RegExp(\"^https?:$\",\"i\"),i=0;i<o.length;i++)o[i].style.display=\"none\";for(i=0;i<a.length;i++)s=a[i],e.source===s.contentWindow&&(s.removeAttribute(\"style\"),\"height\"===t.message?(1e3<(r=parseInt(t.value,10))?r=1e3:~~r<200&&(r=200),s.height=r):\"link\"===t.message&&(r=new URL(s.getAttribute(\"src\")),n=new URL(t.value),c.test(n.protocol))&&n.host===r.host&&l.activeElement===s&&(d.top.location.href=t.value))}},d.addEventListener(\"message\",d.wp.receiveEmbedMessage,!1),l.addEventListener(\"DOMContentLoaded\",function(){for(var e,t,s=l.querySelectorAll(\"iframe.wp-embedded-content\"),r=0;r<s.length;r++)(t=(e=s[r]).getAttribute(\"data-secret\"))||(t=Math.random().toString(36).substring(2,12),e.src+=\"#?secret=\"+t,e.setAttribute(\"data-secret\",t)),e.contentWindow.postMessage({message:\"ready\",secret:t},\"*\")},!1)))}(window,document);\n\/* ]]> *\/\n<\/script>\n","thumbnail_url":"https:\/\/www.apdha.org\/sevilla\/wp-content\/uploads\/DIA-DE-LREFUGIADO.jpg","thumbnail_width":595,"thumbnail_height":822,"description":"Con motivo de la celebraci\u00f3n del D\u00eda Internacional del Refugiado, el pr\u00f3ximo martes 18 de junio el Centro de Iniciativas Culturales de la Universidad de Sevilla (CICUS) acoger\u00e1 la proyecci\u00f3n de los documentales\u00a0Lucha de gigantes\u00a0(Hern\u00e1n Zin, Espa\u00f1a, 2018) y\u00a0Hamada\u00a0(Eloy Dom\u00ednguez Ser\u00e9n, Suecia|Noruega|Alemania, 2018), as\u00ed como un mini-concierto de\u00a0SoundRoutes Band. A \u2026 Seguir Leyendo"}